	{"id":828,"date":"2020-03-27T14:26:53","date_gmt":"2020-03-27T14:26:53","guid":{"rendered":"http:\/\/laleaua.nl\/cmcc\/?page_id=828"},"modified":"2026-03-26T16:08:11","modified_gmt":"2026-03-26T15:08:11","slug":"ons-werk-2","status":"publish","type":"page","link":"https:\/\/laleaua.nl\/cmccr\/ons-werk-2\/","title":{"rendered":"Despre Laleaua"},"content":{"rendered":"\t\t<div data-elementor-type=\"wp-page\" data-elementor-id=\"828\" class=\"elementor elementor-828\">\n\t\t\t\t\t\t<section class=\"elementor-section elementor-top-section elementor-element elementor-element-faae1bd elementor-section-boxed elementor-section-height-default elementor-section-height-default\" data-id=\"faae1bd\" data-element_type=\"section\" data-e-type=\"section\">\n\t\t\t\t\t\t<div class=\"elementor-container elementor-column-gap-default\">\n\t\t\t\t\t<div class=\"elementor-column elementor-col-100 elementor-top-column elementor-element elementor-element-5b38902\" data-id=\"5b38902\" data-element_type=\"column\" data-e-type=\"column\">\n\t\t\t<div class=\"elementor-widget-wrap elementor-element-populated\">\n\t\t\t\t\t\t<div class=\"elementor-element elementor-element-28867fb elementor-widget elementor-widget-heading\" data-id=\"28867fb\" data-element_type=\"widget\" data-e-type=\"widget\" data-widget_type=\"heading.default\">\n\t\t\t\t<div class=\"elementor-widget-container\">\n\t\t\t\t\t<h2 class=\"elementor-heading-title elementor-size-default\">Despre Laleaua<\/h2>\t\t\t\t<\/div>\n\t\t\t\t<\/div>\n\t\t\t\t\t<\/div>\n\t\t<\/div>\n\t\t\t\t\t<\/div>\n\t\t<\/section>\n\t\t\t\t<section class=\"elementor-section elementor-top-section elementor-element elementor-element-be66379 elementor-section-boxed elementor-section-height-default elementor-section-height-default\" data-id=\"be66379\" data-element_type=\"section\" data-e-type=\"section\">\n\t\t\t\t\t\t<div class=\"elementor-container elementor-column-gap-wider\">\n\t\t\t\t\t<div class=\"elementor-column elementor-col-50 elementor-top-column elementor-element elementor-element-6b6c8af\" data-id=\"6b6c8af\" data-element_type=\"column\" data-e-type=\"column\">\n\t\t\t<div class=\"elementor-widget-wrap elementor-element-populated\">\n\t\t\t\t\t\t<div class=\"elementor-element elementor-element-89c8ef0 elementor-widget elementor-widget-heading\" data-id=\"89c8ef0\" data-element_type=\"widget\" data-e-type=\"widget\" data-widget_type=\"heading.default\">\n\t\t\t\t<div class=\"elementor-widget-container\">\n\t\t\t\t\t<h2 class=\"elementor-heading-title elementor-size-default\">Viziunea noastr\u0103<\/h2>\t\t\t\t<\/div>\n\t\t\t\t<\/div>\n\t\t\t\t<div class=\"elementor-element elementor-element-bd4d01f elementor-widget elementor-widget-text-editor\" data-id=\"bd4d01f\" data-element_type=\"widget\" data-e-type=\"widget\" data-widget_type=\"text-editor.default\">\n\t\t\t\t<div class=\"elementor-widget-container\">\n\t\t\t\t\t\t\t\t\t<p>Dorim c\u0103 comunitatea de Romi \u00een Bozias (T\u00e2rn\u0103veni)\u00a0 va consta din familii s\u0103n\u0103toas\u0103 din punct de vedere spiritual, social \u0219i fizic. Familii care tr\u0103iesc dintr-o rela\u021bie de dragoste cu Dumnezeu, care se pot \u00eentre\u021bine \u0219i care iau ini\u021biative pentru a juca un rol pozitiv \u00een societate.<\/p>\t\t\t\t\t\t\t\t<\/div>\n\t\t\t\t<\/div>\n\t\t\t\t\t<\/div>\n\t\t<\/div>\n\t\t\t\t<div class=\"elementor-column elementor-col-50 elementor-top-column elementor-element elementor-element-bc73335\" data-id=\"bc73335\" data-element_type=\"column\" data-e-type=\"column\">\n\t\t\t<div class=\"elementor-widget-wrap elementor-element-populated\">\n\t\t\t\t\t\t<div class=\"elementor-element elementor-element-8bb1fe3 elementor-widget elementor-widget-heading\" data-id=\"8bb1fe3\" data-element_type=\"widget\" data-e-type=\"widget\" data-widget_type=\"heading.default\">\n\t\t\t\t<div class=\"elementor-widget-container\">\n\t\t\t\t\t<h2 class=\"elementor-heading-title elementor-size-default\">Misiunea noastr\u0103<\/h2>\t\t\t\t<\/div>\n\t\t\t\t<\/div>\n\t\t\t\t<div class=\"elementor-element elementor-element-134f128 elementor-widget elementor-widget-text-editor\" data-id=\"134f128\" data-element_type=\"widget\" data-e-type=\"widget\" data-widget_type=\"text-editor.default\">\n\t\t\t\t<div class=\"elementor-widget-container\">\n\t\t\t\t\t\t\t\t\t<p>Vrem s\u0103 (le) ar\u0103t\u0103m dragostea lui Dumnezeu pentru comunitatea de Romi \u00een Bozias (T\u00e2rn\u0103veni) oferind (oferindu-le) programe educa\u021bionale, activit\u0103\u021bi sociale \u0219i asisten\u021b\u0103 medical\u0103.<\/p><p>\u00a0<\/p>\t\t\t\t\t\t\t\t<\/div>\n\t\t\t\t<\/div>\n\t\t\t\t\t<\/div>\n\t\t<\/div>\n\t\t\t\t\t<\/div>\n\t\t<\/section>\n\t\t\t\t<section class=\"elementor-section elementor-top-section elementor-element elementor-element-764c4d6 elementor-section-boxed elementor-section-height-default elementor-section-height-default\" data-id=\"764c4d6\" data-element_type=\"section\" data-e-type=\"section\">\n\t\t\t\t\t\t<div class=\"elementor-container elementor-column-gap-default\">\n\t\t\t\t\t<div class=\"elementor-column elementor-col-100 elementor-top-column elementor-element elementor-element-2b3666f\" data-id=\"2b3666f\" data-element_type=\"column\" data-e-type=\"column\">\n\t\t\t<div class=\"elementor-widget-wrap elementor-element-populated\">\n\t\t\t\t\t\t<div class=\"elementor-element elementor-element-429b44a elementor-widget elementor-widget-menu-anchor\" data-id=\"429b44a\" data-element_type=\"widget\" data-e-type=\"widget\" data-widget_type=\"menu-anchor.default\">\n\t\t\t\t<div class=\"elementor-widget-container\">\n\t\t\t\t\t\t\t<div class=\"elementor-menu-anchor\" id=\"Roma\"><\/div>\n\t\t\t\t\t\t<\/div>\n\t\t\t\t<\/div>\n\t\t\t\t<div class=\"elementor-element elementor-element-5d6e8d4 elementor-widget elementor-widget-heading\" data-id=\"5d6e8d4\" data-element_type=\"widget\" data-e-type=\"widget\" data-widget_type=\"heading.default\">\n\t\t\t\t<div class=\"elementor-widget-container\">\n\t\t\t\t\t<h2 class=\"elementor-heading-title elementor-size-default\">Comunitatea Romilor<\/h2>\t\t\t\t<\/div>\n\t\t\t\t<\/div>\n\t\t\t\t<div class=\"elementor-element elementor-element-84035d5 elementor-widget elementor-widget-text-editor\" data-id=\"84035d5\" data-element_type=\"widget\" data-e-type=\"widget\" data-widget_type=\"text-editor.default\">\n\t\t\t\t<div class=\"elementor-widget-container\">\n\t\t\t\t\t\t\t\t\t<p>T\u00e2rn\u0103veni este un vechi ora\u0219 industrial, \u00een care exist\u0103 mai multe comunit\u0103\u021bi de Romi. Una dintre aceste comunit\u0103\u021bi este situat\u0103 \u00een cartierul Bozias de pe strada R\u00e2ndunelelor. Aceasta este strada unde lucr\u0103m.<\/p>\t\t\t\t\t\t\t\t<\/div>\n\t\t\t\t<\/div>\n\t\t\t\t\t<\/div>\n\t\t<\/div>\n\t\t\t\t\t<\/div>\n\t\t<\/section>\n\t\t\t\t<section class=\"elementor-section elementor-top-section elementor-element elementor-element-bf6d900 elementor-section-boxed elementor-section-height-default elementor-section-height-default\" data-id=\"bf6d900\" data-element_type=\"section\" data-e-type=\"section\">\n\t\t\t\t\t\t<div class=\"elementor-container elementor-column-gap-default\">\n\t\t\t\t\t<div class=\"elementor-column elementor-col-100 elementor-top-column elementor-element elementor-element-fb8dae4\" data-id=\"fb8dae4\" data-element_type=\"column\" data-e-type=\"column\">\n\t\t\t<div class=\"elementor-widget-wrap elementor-element-populated\">\n\t\t\t\t\t\t<div class=\"elementor-element elementor-element-9f66ee3 elementor-widget elementor-widget-heading\" data-id=\"9f66ee3\" data-element_type=\"widget\" data-e-type=\"widget\" data-widget_type=\"heading.default\">\n\t\t\t\t<div class=\"elementor-widget-container\">\n\t\t\t\t\t<h2 class=\"elementor-heading-title elementor-size-default\">\u00cenfiin\u021barea (asocia\u021biei \/ funda\u021biei) Laleaua<\/h2>\t\t\t\t<\/div>\n\t\t\t\t<\/div>\n\t\t\t\t<div class=\"elementor-element elementor-element-c1ebb88 elementor-widget elementor-widget-text-editor\" data-id=\"c1ebb88\" data-element_type=\"widget\" data-e-type=\"widget\" data-widget_type=\"text-editor.default\">\n\t\t\t\t<div class=\"elementor-widget-container\">\n\t\t\t\t\t\t\t\t\t<p>\u00cen decembrie 1999 un grup de tineri din olanda a mers la T\u00e2rn\u0103veni pentru a distribui pachete de Cr\u0103ciun \u00een r\u00e2ndul popula\u021biei Rome. Aceasta a fost prima \u00eent\u00e2lnire cu comunitatea de Romi din strada R\u00e2ndunelelor din cartierul Bozias, T\u00e2rn\u0103veni.<\/p><p>\u00cen timpul vizitelor \u00een aceast\u0103 comunitate \u0219i confruntarea cu s\u0103r\u0103cia \u0219i lipsa de speran\u021b\u0103 a acesteia, a iesit textul din cartea Osea 4 versetul 6a; \u201cPoporul Meu piere din lips\u0103 de cuno\u0219tin\u021b\u0103.\u201d Acest text a stat la baza activit\u0103\u021bilor asocia\u021biei Laleaua.<br \/><br \/>La 1 octombrie 2001 a fost \u00eenfiin\u021bat\u0103 \u00een mod legal Asocia\u021bia Laleaua din Rom\u00e2nia, cu rezultatul c\u0103 la \u00eenceputul anului 2002 a \u00eenceput \u0219i Funda\u021bia Laleaua din Olanda.<\/p><p>Activit\u0103\u021bile Asocia\u021biei Laleaua p\u00e2n\u0103 \u00een prezent se concentreaz\u0103 pe aceast\u0103 comunitate de Romi din strada R\u00e2ndunelelor. Evanghelia r\u0103sun\u0103 \u00een fiecare program al asocia\u021biei. La \u00eenceput focus era principal pe educa\u021bia copiilor, dar acum \u0219i aspectele sociale \u0219i medicale primesc aten\u021bie structural\u0103.<\/p>\t\t\t\t\t\t\t\t<\/div>\n\t\t\t\t<\/div>\n\t\t\t\t\t<\/div>\n\t\t<\/div>\n\t\t\t\t\t<\/div>\n\t\t<\/section>\n\t\t\t\t<section class=\"elementor-section elementor-top-section elementor-element elementor-element-9d82d56 elementor-section-boxed elementor-section-height-default elementor-section-height-default\" data-id=\"9d82d56\" data-element_type=\"section\" data-e-type=\"section\">\n\t\t\t\t\t\t<div class=\"elementor-container elementor-column-gap-wider\">\n\t\t\t\t\t<div class=\"elementor-column elementor-col-50 elementor-top-column elementor-element elementor-element-c46f2fb\" data-id=\"c46f2fb\" data-element_type=\"column\" data-e-type=\"column\">\n\t\t\t<div class=\"elementor-widget-wrap elementor-element-populated\">\n\t\t\t\t\t\t<div class=\"elementor-element elementor-element-6dcaa1d elementor-widget elementor-widget-heading\" data-id=\"6dcaa1d\" data-element_type=\"widget\" data-e-type=\"widget\" data-widget_type=\"heading.default\">\n\t\t\t\t<div class=\"elementor-widget-container\">\n\t\t\t\t\t<h2 class=\"elementor-heading-title elementor-size-default\">Gradinita <\/h2>\t\t\t\t<\/div>\n\t\t\t\t<\/div>\n\t\t\t\t<div class=\"elementor-element elementor-element-8e934af elementor-widget elementor-widget-text-editor\" data-id=\"8e934af\" data-element_type=\"widget\" data-e-type=\"widget\" data-widget_type=\"text-editor.default\">\n\t\t\t\t<div class=\"elementor-widget-container\">\n\t\t\t\t\t\t\t\t\t<p>\u00cen aprilie 2002 pentru primadata Laleaua a deschis u\u0219ile gr\u0103dini\u021bei, care g\u0103zduie\u0219te acum 33 de pre\u0219colari ( de etnie?) Romi anual. \u00cen 2015, gr\u0103dini\u021ba a fost acreditat\u0103 \u0219i a primit astfel sprijin financiar de la guvernul Rom\u00e2n.<\/p>\t\t\t\t\t\t\t\t<\/div>\n\t\t\t\t<\/div>\n\t\t\t\t\t<\/div>\n\t\t<\/div>\n\t\t\t\t<div class=\"elementor-column elementor-col-50 elementor-top-column elementor-element elementor-element-0e12f2a\" data-id=\"0e12f2a\" data-element_type=\"column\" data-e-type=\"column\">\n\t\t\t<div class=\"elementor-widget-wrap elementor-element-populated\">\n\t\t\t\t\t\t<div class=\"elementor-element elementor-element-1b309d2 elementor-widget elementor-widget-heading\" data-id=\"1b309d2\" data-element_type=\"widget\" data-e-type=\"widget\" data-widget_type=\"heading.default\">\n\t\t\t\t<div class=\"elementor-widget-container\">\n\t\t\t\t\t<h2 class=\"elementor-heading-title elementor-size-default\">After School<\/h2>\t\t\t\t<\/div>\n\t\t\t\t<\/div>\n\t\t\t\t<div class=\"elementor-element elementor-element-6535ad6 elementor-widget elementor-widget-text-editor\" data-id=\"6535ad6\" data-element_type=\"widget\" data-e-type=\"widget\" data-widget_type=\"text-editor.default\">\n\t\t\t\t<div class=\"elementor-widget-container\">\n\t\t\t\t\t\t\t\t\t<p>C\u00e2nd primii pre\u0219colari au p\u0103r\u0103sit gr\u0103dini\u021ba pentru a merge la \u0219coala primar\u0103, Laleaua a \u00eenceput programul After School. La \u00eenceput, aceasta a constat \u00een principal \u00een a ajuta copilul s\u0103-\u0219i fac\u0103 temele. Acest lucru sa dovedit (a fi) insuficient. Prin dezvoltarea unei metode de \u00eenv\u0103\u021bare pentru limba rom\u00e2n\u0103 \u0219i matematic\u0103 la nivelul copilului, programul a schimbat mai mult \u00eentr-un program de formare continu\u0103. Aproximativ 40-50 de copii pot participa la acest program \u00een fiecare an.<\/p>\t\t\t\t\t\t\t\t<\/div>\n\t\t\t\t<\/div>\n\t\t\t\t\t<\/div>\n\t\t<\/div>\n\t\t\t\t\t<\/div>\n\t\t<\/section>\n\t\t\t\t<section class=\"elementor-section elementor-top-section elementor-element elementor-element-3cd06a1 elementor-section-boxed elementor-section-height-default elementor-section-height-default\" data-id=\"3cd06a1\" data-element_type=\"section\" data-e-type=\"section\">\n\t\t\t\t\t\t<div class=\"elementor-container elementor-column-gap-default\">\n\t\t\t\t\t<div class=\"elementor-column elementor-col-100 elementor-top-column elementor-element elementor-element-36214ba\" data-id=\"36214ba\" data-element_type=\"column\" data-e-type=\"column\">\n\t\t\t<div class=\"elementor-widget-wrap elementor-element-populated\">\n\t\t\t\t\t\t<div class=\"elementor-element elementor-element-ad41efb elementor-widget elementor-widget-heading\" data-id=\"ad41efb\" data-element_type=\"widget\" data-e-type=\"widget\" data-widget_type=\"heading.default\">\n\t\t\t\t<div class=\"elementor-widget-container\">\n\t\t\t\t\t<h2 class=\"elementor-heading-title elementor-size-default\">Care Foundation<\/h2>\t\t\t\t<\/div>\n\t\t\t\t<\/div>\n\t\t\t\t<div class=\"elementor-element elementor-element-633dd6f elementor-widget elementor-widget-text-editor\" data-id=\"633dd6f\" data-element_type=\"widget\" data-e-type=\"widget\" data-widget_type=\"text-editor.default\">\n\t\t\t\t<div class=\"elementor-widget-container\">\n\t\t\t\t\t\t\t\t\t<p>Odat\u0103 cu sosirea Care Foundation \u00een septembrie 2010, aspectele sociale \u0219i medicale cu care se confrunt\u0103 comunitatea de Romi au primit mai mult\u0103 aten\u021bie. Care Foundation a \u00eenceput un program numit \u201eTrupa Marinarilor\u201d pentru a \u00eembun\u0103t\u0103\u021bi abilit\u0103\u021bile sociale ale tinerilor Romi \u0219i a-i ajuta s\u0103 pun\u0103 \u00een practic\u0103 ceea ce au \u00eenv\u0103\u021bat. \u00cen acest fel Laleaua \u0219i Care Foundation au devenit o m\u00e2n\u0103 \u0219i un picior. \u00cen colaborare au fost create un club pentru b\u0103ie\u021bi \u0219i dou\u0103 cluburi pentru fete.<br \/><br \/>De atunci, problemele medicale \u0219i sociale din familii au primit aten\u021bie structural\u0103. Acolo unde este necesar \u0219i posibil, familiile sunt sprijinite \u0219i \/ sau \u00eendrumate.<\/p>\t\t\t\t\t\t\t\t<\/div>\n\t\t\t\t<\/div>\n\t\t\t\t\t<\/div>\n\t\t<\/div>\n\t\t\t\t\t<\/div>\n\t\t<\/section>\n\t\t\t\t<section class=\"elementor-section elementor-top-section elementor-element elementor-element-117bdf2 elementor-section-boxed elementor-section-height-default elementor-section-height-default\" data-id=\"117bdf2\" data-element_type=\"section\" data-e-type=\"section\">\n\t\t\t\t\t\t<div class=\"elementor-container elementor-column-gap-default\">\n\t\t\t\t\t<div class=\"elementor-column elementor-col-100 elementor-top-column elementor-element elementor-element-8b60e47\" data-id=\"8b60e47\" data-element_type=\"column\" data-e-type=\"column\">\n\t\t\t<div class=\"elementor-widget-wrap elementor-element-populated\">\n\t\t\t\t\t\t<div class=\"elementor-element elementor-element-97df778 elementor-widget elementor-widget-heading\" data-id=\"97df778\" data-element_type=\"widget\" data-e-type=\"widget\" data-widget_type=\"heading.default\">\n\t\t\t\t<div class=\"elementor-widget-container\">\n\t\t\t\t\t<h2 class=\"elementor-heading-title elementor-size-default\">Mergand impreuna<\/h2>\t\t\t\t<\/div>\n\t\t\t\t<\/div>\n\t\t\t\t<div class=\"elementor-element elementor-element-474af66 elementor-widget elementor-widget-text-editor\" data-id=\"474af66\" data-element_type=\"widget\" data-e-type=\"widget\" data-widget_type=\"text-editor.default\">\n\t\t\t\t<div class=\"elementor-widget-container\">\n\t\t\t\t\t\t\t\t\t<p>De-a lungul timpului, a ap\u0103rut ideea de a fuziona ca organiza\u021bii. Servim acela\u0219i grup de oameni \u0219i avem acela\u0219i scop: S\u0103 prezinte comunitatea de romi, \u00een special copiii, adolescen\u021bii \u0219i tinerii, lui Isus Hristos \u0219i Evanghelia harului lui Dumnezeu pentru to\u021bi oamenii. Credem c\u0103 aceast\u0103 veste bun\u0103 va d\u0103 peste cap via\u021ba cuiva \u0219i \u00eel va da o perspectiv\u0103 nou\u0103.<br \/><br \/>\u00cen 2020 suntem deja \u00eempreun\u0103 pentru o mare parte, dar pe data de 01.01.2021 speram s\u0103 fim \u00eempreun\u0103 pe toate fronturile, \u0219i \u00een Rom\u00e2nia \u0219i \u00een Neerlanda! Sl\u0103vit s\u0103 fie Domnul!<\/p>\t\t\t\t\t\t\t\t<\/div>\n\t\t\t\t<\/div>\n\t\t\t\t\t<\/div>\n\t\t<\/div>\n\t\t\t\t\t<\/div>\n\t\t<\/section>\n\t\t\t\t<section class=\"elementor-section elementor-top-section elementor-element elementor-element-e9addb9 elementor-section-boxed elementor-section-height-default elementor-section-height-default\" data-id=\"e9addb9\" data-element_type=\"section\" data-e-type=\"section\">\n\t\t\t\t\t\t<div class=\"elementor-container elementor-column-gap-default\">\n\t\t\t\t\t<div class=\"elementor-column elementor-col-100 elementor-top-column elementor-element elementor-element-a526452\" data-id=\"a526452\" data-element_type=\"column\" data-e-type=\"column\">\n\t\t\t<div class=\"elementor-widget-wrap elementor-element-populated\">\n\t\t\t\t\t\t<div class=\"elementor-element elementor-element-3294ce8 elementor-widget elementor-widget-heading\" data-id=\"3294ce8\" data-element_type=\"widget\" data-e-type=\"widget\" data-widget_type=\"heading.default\">\n\t\t\t\t<div class=\"elementor-widget-container\">\n\t\t\t\t\t<h2 class=\"elementor-heading-title elementor-size-default\"><a href=\"#fysiek\">Beleidsplan<\/a><\/h2>\t\t\t\t<\/div>\n\t\t\t\t<\/div>\n\t\t\t\t\t<\/div>\n\t\t<\/div>\n\t\t\t\t\t<\/div>\n\t\t<\/section>\n\t\t\t\t<section class=\"elementor-section elementor-top-section elementor-element elementor-element-2721f7d elementor-section-boxed elementor-section-height-default elementor-section-height-default\" data-id=\"2721f7d\" data-element_type=\"section\" data-e-type=\"section\">\n\t\t\t\t\t\t<div class=\"elementor-container elementor-column-gap-default\">\n\t\t\t\t\t<div class=\"elementor-column elementor-col-100 elementor-top-column elementor-element elementor-element-b120e68\" data-id=\"b120e68\" data-element_type=\"column\" data-e-type=\"column\">\n\t\t\t<div class=\"elementor-widget-wrap elementor-element-populated\">\n\t\t\t\t\t\t<div class=\"elementor-element elementor-element-8dfcade elementor-widget elementor-widget-text-editor\" data-id=\"8dfcade\" data-element_type=\"widget\" data-e-type=\"widget\" data-widget_type=\"text-editor.default\">\n\t\t\t\t<div class=\"elementor-widget-container\">\n\t\t\t\t\t\t\t\t\t<p>Ons beleidsplan kunt u <strong><a title=\"Beleidsplan Stichting Laleaua\" href=\"https:\/\/laleaua.nl\/cmccr\/wp-content\/uploads\/2020\/06\/Beleidsplan-Stichting-Laleau.pdf\" target=\"_blank\" rel=\"noopener\">HIER<\/a> <\/strong>lezen.<strong><br \/><\/strong><\/p>\t\t\t\t\t\t\t\t<\/div>\n\t\t\t\t<\/div>\n\t\t\t\t\t<\/div>\n\t\t<\/div>\n\t\t\t\t\t<\/div>\n\t\t<\/section>\n\t\t\t\t<section class=\"elementor-section elementor-top-section elementor-element elementor-element-8e5b1e5 elementor-section-boxed elementor-section-height-default elementor-section-height-default\" data-id=\"8e5b1e5\" data-element_type=\"section\" data-e-type=\"section\">\n\t\t\t\t\t\t<div class=\"elementor-container elementor-column-gap-default\">\n\t\t\t\t\t<div class=\"elementor-column elementor-col-100 elementor-top-column elementor-element elementor-element-a61ae3c\" data-id=\"a61ae3c\" data-element_type=\"column\" data-e-type=\"column\">\n\t\t\t<div class=\"elementor-widget-wrap elementor-element-populated\">\n\t\t\t\t\t\t<div class=\"elementor-element elementor-element-793fe2d elementor-widget elementor-widget-heading\" data-id=\"793fe2d\" data-element_type=\"widget\" data-e-type=\"widget\" data-widget_type=\"heading.default\">\n\t\t\t\t<div class=\"elementor-widget-container\">\n\t\t\t\t\t<h2 class=\"elementor-heading-title elementor-size-default\"><a href=\"#fysiek\">Jaarverslag<\/a><\/h2>\t\t\t\t<\/div>\n\t\t\t\t<\/div>\n\t\t\t\t<div class=\"elementor-element elementor-element-0cac29e elementor-widget elementor-widget-text-editor\" data-id=\"0cac29e\" data-element_type=\"widget\" data-e-type=\"widget\" data-widget_type=\"text-editor.default\">\n\t\t\t\t<div class=\"elementor-widget-container\">\n\t\t\t\t\t\t\t\t\t<p>Klik hier om ons <a href=\"https:\/\/laleaua.nl\/cmccr\/wp-content\/uploads\/2023\/02\/Copy-of-Jaarverslag-Stichting-Laleaua-2022.pdf\" target=\"_blank\" rel=\"noopener\">\u00a0Jaarverslag 2022<\/a><a href=\"https:\/\/laleaua.nl\/cmccr\/wp-content\/uploads\/2023\/01\/Jaarverslag-Stichting-Laleaua-2022.pdf\" target=\"_blank\" rel=\"noopener\">\u00a0<\/a>te lezen<br \/>Klik hier om ons <a href=\"https:\/\/laleaua.nl\/cmccr\/wp-content\/uploads\/2022\/06\/Jaarverslag-Stichting-Laleaua-2021.pdf\" target=\"_blank\" rel=\"noopener\">Jaarverslag 2021 <\/a>te lezen<br \/>Klik hier om ons <a href=\"https:\/\/laleaua.nl\/cmccr\/wp-content\/uploads\/2021\/06\/Jaarverslag-Laleaua-2020-def.pdf\" target=\"_blank\" rel=\"noopener\">Jaarverslag\u00a0 2020<\/a> te lezen <br \/>en het <a href=\"https:\/\/laleaua.nl\/cmccr\/wp-content\/uploads\/2021\/06\/standaardform-pubplicht-anbi-algemeen-Laleau-2020.pdf\" target=\"_blank\" rel=\"noopener\">standaardformulier ANBI 2020<\/a><\/p>\t\t\t\t\t\t\t\t<\/div>\n\t\t\t\t<\/div>\n\t\t\t\t\t<\/div>\n\t\t<\/div>\n\t\t\t\t\t<\/div>\n\t\t<\/section>\n\t\t\t\t<section class=\"elementor-section elementor-top-section elementor-element elementor-element-07d25a5 elementor-section-boxed elementor-section-height-default elementor-section-height-default\" data-id=\"07d25a5\" data-element_type=\"section\" data-e-type=\"section\">\n\t\t\t\t\t\t<div class=\"elementor-container elementor-column-gap-default\">\n\t\t\t\t\t<div class=\"elementor-column elementor-col-100 elementor-top-column elementor-element elementor-element-1460d3e\" data-id=\"1460d3e\" data-element_type=\"column\" data-e-type=\"column\">\n\t\t\t<div class=\"elementor-widget-wrap elementor-element-populated\">\n\t\t\t\t\t\t<div class=\"elementor-element elementor-element-5ac539e elementor-widget elementor-widget-heading\" data-id=\"5ac539e\" data-element_type=\"widget\" data-e-type=\"widget\" data-widget_type=\"heading.default\">\n\t\t\t\t<div class=\"elementor-widget-container\">\n\t\t\t\t\t<h2 class=\"elementor-heading-title elementor-size-default\">Vrei sa afli mai multe<\/h2>\t\t\t\t<\/div>\n\t\t\t\t<\/div>\n\t\t\t\t<div class=\"elementor-element elementor-element-9b566af elementor-widget__width-inherit elementor-widget elementor-widget-toggle\" data-id=\"9b566af\" data-element_type=\"widget\" data-e-type=\"widget\" data-widget_type=\"toggle.default\">\n\t\t\t\t<div class=\"elementor-widget-container\">\n\t\t\t\t\t\t\t<div class=\"elementor-toggle\">\n\t\t\t\t\t\t\t<div class=\"elementor-toggle-item\">\n\t\t\t\t\t<div id=\"elementor-tab-title-1621\" class=\"elementor-tab-title\" data-tab=\"1\" role=\"button\" aria-controls=\"elementor-tab-content-1621\" aria-expanded=\"false\">\n\t\t\t\t\t\t\t\t\t\t\t\t<span class=\"elementor-toggle-icon elementor-toggle-icon-left\" aria-hidden=\"true\">\n\t\t\t\t\t\t\t\t\t\t\t\t\t\t\t<span class=\"elementor-toggle-icon-closed\"><i class=\"fas fa-caret-right\"><\/i><\/span>\n\t\t\t\t\t\t\t\t<span class=\"elementor-toggle-icon-opened\"><i class=\"elementor-toggle-icon-opened fas fa-caret-up\"><\/i><\/span>\n\t\t\t\t\t\t\t\t\t\t\t\t\t<\/span>\n\t\t\t\t\t\t\t\t\t\t\t\t<a class=\"elementor-toggle-title\" tabindex=\"0\">Cresc\u00e2nd \u00eentr-un cartier defavorizat \u00eenseamn\u0103.....<\/a>\n\t\t\t\t\t<\/div>\n\n\t\t\t\t\t<div id=\"elementor-tab-content-1621\" class=\"elementor-tab-content elementor-clearfix\" data-tab=\"1\" role=\"region\" aria-labelledby=\"elementor-tab-title-1621\"><ul><li>Un decalaj \u00een limb\u0103. Mai ales dac\u0103 au o limb\u0103 matern\u0103 diferit\u0103 de cea vorbit\u0103 la \u0219coal\u0103.<\/li><li>O \u00eent\u00e2rziere \u00een experien\u021be. De exemplu, nu au desenat \u0219i nu au t\u0103iat. Ob\u021binerea experien\u021belor este necesar\u0103 pentru a \u00eenv\u0103\u021ba.<\/li><li>O \u00eent\u00e2rziere \u00een cuno\u0219tin\u021be. Copiii \u00eenva\u021b\u0103 \u00een mod normal prin joc \u0219i \u00een mediul lor natural: \u201eUite mami pune dou\u0103 farfurii pe mas\u0103; 1 &#8230; 2 &#8230;\u201d. Copiilor dintr-un cartier defavorizat le lipse\u0219te cuno\u0219tin\u021bele pe care al\u021bi copii le-au dob\u00e2ndit acas\u0103.<\/li><\/ul><\/div>\n\t\t\t\t<\/div>\n\t\t\t\t\t\t\t<div class=\"elementor-toggle-item\">\n\t\t\t\t\t<div id=\"elementor-tab-title-1622\" class=\"elementor-tab-title\" data-tab=\"2\" role=\"button\" aria-controls=\"elementor-tab-content-1622\" aria-expanded=\"false\">\n\t\t\t\t\t\t\t\t\t\t\t\t<span class=\"elementor-toggle-icon elementor-toggle-icon-left\" aria-hidden=\"true\">\n\t\t\t\t\t\t\t\t\t\t\t\t\t\t\t<span class=\"elementor-toggle-icon-closed\"><i class=\"fas fa-caret-right\"><\/i><\/span>\n\t\t\t\t\t\t\t\t<span class=\"elementor-toggle-icon-opened\"><i class=\"elementor-toggle-icon-opened fas fa-caret-up\"><\/i><\/span>\n\t\t\t\t\t\t\t\t\t\t\t\t\t<\/span>\n\t\t\t\t\t\t\t\t\t\t\t\t<a class=\"elementor-toggle-title\" tabindex=\"0\">\u00cent\u00e2rzieri de dezvoltare<\/a>\n\t\t\t\t\t<\/div>\n\n\t\t\t\t\t<div id=\"elementor-tab-content-1622\" class=\"elementor-tab-content elementor-clearfix\" data-tab=\"2\" role=\"region\" aria-labelledby=\"elementor-tab-title-1622\"><ul><li>Un copil \u00eenva\u021b\u0103 prin interac\u021biunea dintre copil \u0219i mediul \u00een care cre\u0219te. Acest mediu are o influen\u021b\u0103 puternic\u0103 asupra dezvolt\u0103rii copilului. Mediul determin\u0103 ce experien\u021be de \u00eenv\u0103\u021bare are un copil. \u2018Mediul\u2019 \u00een sens larg \u00een acest context se refer\u0103 la educatorii \u0219i al\u021bi membri ai familiei, precum \u0219i mediul de via\u021b\u0103 fizic.<\/li><li>\u00centruc\u00e2t educatorii comunic\u0103 pu\u021bin cu un copil \u0219i exist\u0103, de asemenea, pu\u021bine materiale de \u00eenv\u0103\u021bare acas\u0103 (puzzle-uri, c\u0103r\u021bi etc.), exist\u0103 \u0219anse mari ca copilul s\u0103 dezvolte o \u00eent\u00e2rziere. Prin urmare, copiii cu un nivel socio-economic sc\u0103zut r\u0103m\u00e2n deseori \u00een urm\u0103 \u00een dezvoltarea limbajului.<\/li><\/ul><\/div>\n\t\t\t\t<\/div>\n\t\t\t\t\t\t\t<div class=\"elementor-toggle-item\">\n\t\t\t\t\t<div id=\"elementor-tab-title-1623\" class=\"elementor-tab-title\" data-tab=\"3\" role=\"button\" aria-controls=\"elementor-tab-content-1623\" aria-expanded=\"false\">\n\t\t\t\t\t\t\t\t\t\t\t\t<span class=\"elementor-toggle-icon elementor-toggle-icon-left\" aria-hidden=\"true\">\n\t\t\t\t\t\t\t\t\t\t\t\t\t\t\t<span class=\"elementor-toggle-icon-closed\"><i class=\"fas fa-caret-right\"><\/i><\/span>\n\t\t\t\t\t\t\t\t<span class=\"elementor-toggle-icon-opened\"><i class=\"elementor-toggle-icon-opened fas fa-caret-up\"><\/i><\/span>\n\t\t\t\t\t\t\t\t\t\t\t\t\t<\/span>\n\t\t\t\t\t\t\t\t\t\t\t\t<a class=\"elementor-toggle-title\" tabindex=\"0\">\u0218ansa de participare<\/a>\n\t\t\t\t\t<\/div>\n\n\t\t\t\t\t<div id=\"elementor-tab-content-1623\" class=\"elementor-tab-content elementor-clearfix\" data-tab=\"3\" role=\"region\" aria-labelledby=\"elementor-tab-title-1623\"><p>Educa\u021bia ofer\u0103 acces la participarea deplin\u0103 \u00een societate.<\/p><p>Lips\u0103 de educa\u021bie \u00eenseamn\u0103 f\u0103r\u0103 \u0219anse de diplom\u0103 \u0219i asta va duce adesea la analfabetism. A nu putea citi va \u021bine multe \u2018u\u0219i\u2019 \u00eenchise. F\u0103r\u0103 diplom\u0103 ob\u021binut\u0103, \u00eenseamn\u0103 de obicei dependen\u021b\u0103 de ajutorul celorlal\u021bi \u0219i stabilitate redus\u0103 a veniturilor.<\/p><\/div>\n\t\t\t\t<\/div>\n\t\t\t\t\t\t\t<div class=\"elementor-toggle-item\">\n\t\t\t\t\t<div id=\"elementor-tab-title-1624\" class=\"elementor-tab-title\" data-tab=\"4\" role=\"button\" aria-controls=\"elementor-tab-content-1624\" aria-expanded=\"false\">\n\t\t\t\t\t\t\t\t\t\t\t\t<span class=\"elementor-toggle-icon elementor-toggle-icon-left\" aria-hidden=\"true\">\n\t\t\t\t\t\t\t\t\t\t\t\t\t\t\t<span class=\"elementor-toggle-icon-closed\"><i class=\"fas fa-caret-right\"><\/i><\/span>\n\t\t\t\t\t\t\t\t<span class=\"elementor-toggle-icon-opened\"><i class=\"elementor-toggle-icon-opened fas fa-caret-up\"><\/i><\/span>\n\t\t\t\t\t\t\t\t\t\t\t\t\t<\/span>\n\t\t\t\t\t\t\t\t\t\t\t\t<a class=\"elementor-toggle-title\" tabindex=\"0\">Ruperea cercul vicios<\/a>\n\t\t\t\t\t<\/div>\n\n\t\t\t\t\t<div id=\"elementor-tab-content-1624\" class=\"elementor-tab-content elementor-clearfix\" data-tab=\"4\" role=\"region\" aria-labelledby=\"elementor-tab-title-1624\"><p>Studiul \u201eCultura s\u0103r\u0103ciei\u201d realizat de Oscar Lewis arat\u0103 c\u0103 copiii care nu au fost educa\u021bi p\u00e2n\u0103 la v\u00e2rsta de \u0219apte ani deseori nu vor fi \u00een stare s\u0103 se elibereze de st\u0103p\u00e2nirea s\u0103r\u0103ciei. Toate eforturile educa\u021bionale dup\u0103 v\u00e2rsta de 7 ani se dovedesc adesea f\u0103r\u0103 rezultat. \u00cenc\u0103 un motiv pentru a ne dedica copiilor mici.<\/p><p>Copiii sunt creduli, curio\u0219i \u0219i loiali adul\u021bilor. Acest lucru \u00eei responsabilizeaz\u0103 \u0219i pe adul\u021bi, pentru ceea ce spun copiilor.<\/p><p>Un copil ar trebui s\u0103 se dezvolte. De aceea este \u00een interesul copilului s\u0103 nu ob\u021bine mai pu\u021bin ajutor, ci s\u0103 primeasc\u0103 ajutor suplimentar. Prin urmare, o \u0219coal\u0103 trebuie s\u0103 ofere experien\u021be suplimentare \u0219i \u201epredare corectiv\u0103\u201d asupra limbii.<\/p><p>De asemenea, este \u00een interesul societ\u0103\u021bii dac\u0103 acest cerc vicios este rupt. Copiilor li se ofer\u0103 \u0219ansa pentru o diplom\u0103 \u0219i, astfel, pentru un viitor. Ace\u0219ti copii vor avea la r\u00e2ndul lor mai multe oportunit\u0103\u021bi de a-\u0219i stimula copiii lor s\u0103 mearg\u0103 la scoal\u0103.<\/p><\/div>\n\t\t\t\t<\/div>\n\t\t\t\t\t\t\t\t<\/div>\n\t\t\t\t\t\t<\/div>\n\t\t\t\t<\/div>\n\t\t\t\t\t<\/div>\n\t\t<\/div>\n\t\t\t\t\t<\/div>\n\t\t<\/section>\n\t\t\t\t<section class=\"elementor-section elementor-top-section elementor-element elementor-element-8cb4096 elementor-section-boxed elementor-section-height-default elementor-section-height-default\" data-id=\"8cb4096\" data-element_type=\"section\" data-e-type=\"section\">\n\t\t\t\t\t\t<div class=\"elementor-container elementor-column-gap-default\">\n\t\t\t\t\t<div class=\"elementor-column elementor-col-100 elementor-top-column elementor-element elementor-element-3b5684f\" data-id=\"3b5684f\" data-element_type=\"column\" data-e-type=\"column\">\n\t\t\t<div class=\"elementor-widget-wrap elementor-element-populated\">\n\t\t\t\t\t\t\t<\/div>\n\t\t<\/div>\n\t\t\t\t\t<\/div>\n\t\t<\/section>\n\t\t\t\t<section class=\"elementor-section elementor-top-section elementor-element elementor-element-21ef7b9 elementor-section-boxed elementor-section-height-default elementor-section-height-default\" data-id=\"21ef7b9\" data-element_type=\"section\" data-e-type=\"section\">\n\t\t\t\t\t\t<div class=\"elementor-container elementor-column-gap-default\">\n\t\t\t\t\t<div class=\"elementor-column elementor-col-100 elementor-top-column elementor-element elementor-element-7aaffc9\" data-id=\"7aaffc9\" data-element_type=\"column\" data-e-type=\"column\">\n\t\t\t<div class=\"elementor-widget-wrap elementor-element-populated\">\n\t\t\t\t\t\t<div class=\"elementor-element elementor-element-c811230 elementor-widget elementor-widget-image\" data-id=\"c811230\" data-element_type=\"widget\" data-e-type=\"widget\" data-widget_type=\"image.default\">\n\t\t\t\t<div class=\"elementor-widget-container\">\n\t\t\t\t\t\t\t\t\t\t\t\t\t\t\t<img fetchpriority=\"high\" decoding=\"async\" width=\"1024\" height=\"331\" src=\"https:\/\/laleaua.nl\/cmccr\/wp-content\/uploads\/2020\/09\/Untitled-design-1024x331.png\" class=\"attachment-large size-large wp-image-2038\" alt=\"\" srcset=\"https:\/\/laleaua.nl\/cmccr\/wp-content\/uploads\/2020\/09\/Untitled-design-1024x331.png 1024w, https:\/\/laleaua.nl\/cmccr\/wp-content\/uploads\/2020\/09\/Untitled-design-300x97.png 300w, https:\/\/laleaua.nl\/cmccr\/wp-content\/uploads\/2020\/09\/Untitled-design-768x248.png 768w, https:\/\/laleaua.nl\/cmccr\/wp-content\/uploads\/2020\/09\/Untitled-design-1536x497.png 1536w, https:\/\/laleaua.nl\/cmccr\/wp-content\/uploads\/2020\/09\/Untitled-design-600x194.png 600w, https:\/\/laleaua.nl\/cmccr\/wp-content\/uploads\/2020\/09\/Untitled-design.png 2000w\" sizes=\"(max-width: 1024px) 100vw, 1024px\" \/>\t\t\t\t\t\t\t\t\t\t\t\t\t\t\t<\/div>\n\t\t\t\t<\/div>\n\t\t\t\t\t<\/div>\n\t\t<\/div>\n\t\t\t\t\t<\/div>\n\t\t<\/section>\n\t\t\t\t<\/div>\n\t\t","protected":false},"excerpt":{"rendered":"<p>Despre Laleaua Viziunea noastr\u0103 Dorim c\u0103 comunitatea de Romi \u00een Bozias (T\u00e2rn\u0103veni)\u00a0 va consta din familii s\u0103n\u0103toas\u0103 din punct de vedere spiritual, social \u0219i fizic. Familii care tr\u0103iesc dintr-o rela\u021bie de dragoste cu Dumnezeu, care se pot \u00eentre\u021bine \u0219i care iau ini\u021biative pentru a juca un rol pozitiv \u00een societate. Misiunea noastr\u0103 Vrem s\u0103 (le) [&hellip;]<\/p>\n","protected":false},"author":2,"featured_media":0,"parent":0,"menu_order":0,"comment_status":"closed","ping_status":"closed","template":"elementor_header_footer","meta":{"footnotes":""},"class_list":["post-828","page","type-page","status-publish","hentry"],"_links":{"self":[{"href":"https:\/\/laleaua.nl\/cmccr\/wp-json\/wp\/v2\/pages\/828","targetHints":{"allow":["GET"]}}],"collection":[{"href":"https:\/\/laleaua.nl\/cmccr\/wp-json\/wp\/v2\/pages"}],"about":[{"href":"https:\/\/laleaua.nl\/cmccr\/wp-json\/wp\/v2\/types\/page"}],"author":[{"embeddable":true,"href":"https:\/\/laleaua.nl\/cmccr\/wp-json\/wp\/v2\/users\/2"}],"replies":[{"embeddable":true,"href":"https:\/\/laleaua.nl\/cmccr\/wp-json\/wp\/v2\/comments?post=828"}],"version-history":[{"count":153,"href":"https:\/\/laleaua.nl\/cmccr\/wp-json\/wp\/v2\/pages\/828\/revisions"}],"predecessor-version":[{"id":3146,"href":"https:\/\/laleaua.nl\/cmccr\/wp-json\/wp\/v2\/pages\/828\/revisions\/3146"}],"wp:attachment":[{"href":"https:\/\/laleaua.nl\/cmccr\/wp-json\/wp\/v2\/media?parent=828"}],"curies":[{"name":"wp","href":"https:\/\/api.w.org\/{rel}","templated":true}]}}